{"id":55907,"date":"2021-09-13T17:32:14","date_gmt":"2021-09-13T15:32:14","guid":{"rendered":"https:\/\/drgonzalezcantero.com\/media-appearances\/"},"modified":"2026-09-02T10:55:30","modified_gmt":"2026-09-02T08:55:30","slug":"media-appearances","status":"publish","type":"page","link":"https:\/\/drgonzalezcantero.com\/en\/media-appearances\/","title":{"rendered":"Media appearances"},"content":{"rendered":"<div class=\"et_pb_section_0 et_pb_section et_section_regular et_block_section\"><div class=\"et_pb_row_0 et_pb_row et_block_row\"><div class=\"et_pb_column_0 et_pb_column et_pb_column_4_4 et-last-child et_block_column et_pb_css_mix_blend_mode_passthrough\"><div class=\"et_pb_text_0 et_pb_text et_pb_bg_layout_light et_pb_module et_block_module\"><div class=\"et_pb_text_inner\"><h1>Media appearances<\/h1>\n<\/div><\/div><div class=\"et_pb_text_1 et_pb_text et_pb_bg_layout_light et_pb_module et_block_module et_pb_text_align_center\"><div class=\"et_pb_text_inner\"><p>Dr \u00c1lvaro Gonz\u00e1lez Cantero<\/p>\n<\/div><\/div><\/div><\/div><\/div><div class=\"et_pb_section_1 et_pb_section et_section_regular et_block_section mc_blog\"><div class=\"et_pb_row_1 et_pb_row et_block_row\"><div class=\"et_pb_column_1 et_pb_column et_pb_column_4_4 et-last-child et_block_column et_pb_css_mix_blend_mode_passthrough\"><div class=\"et_pb_blog_0 et_pb_blog et_pb_bg_layout_light et_pb_posts et_pb_module medicus_blog_grid\"><div class=\"et_pb_ajax_pagination_container\"><div class=\"et_pb_blog_posts et_grid_module\"><article class=\"et_pb_post et_pb_post_id_55918 clearfix et_pb_has_overlay et_pb_blog_item_0_0 post-55918 post type-post status-publish format-standard has-post-thumbnail hentry category-medios\"><div class=\"et_pb_image_container\"><a href=\"https:\/\/drgonzalezcantero.com\/en\/la-razon-lorena-van-heerde-psoriasis-2024\/\" class=\"entry-featured-image-url\"><img decoding=\"async\" src=\"https:\/\/drgonzalezcantero.com\/wp-content\/uploads\/2021\/09\/destacada-entrevista-la-razon-5.jpg\" width=\"400\" height=\"284\" alt=\"Treating Lorena Van Heerde\u2019s psoriasis\" class=\"\" srcset=\"https:\/\/drgonzalezcantero.com\/wp-content\/uploads\/2021\/09\/destacada-entrevista-la-razon-5.jpg 479w, https:\/\/drgonzalezcantero.com\/wp-content\/uploads\/2021\/09\/destacada-entrevista-la-razon-5-400x284.jpg 480w\" sizes=\"(max-width:479px) 479px, 100vw\" \/><span data-icon=\"\ue050\" class=\"et_overlay et_pb_inline_icon\"><\/span><\/a><\/div><h2 class=\"entry-title\"><a href=\"https:\/\/drgonzalezcantero.com\/en\/la-razon-lorena-van-heerde-psoriasis-2024\/\">Treating Lorena Van Heerde\u2019s psoriasis<\/a><\/h2><p class=\"post-meta\"><\/p><div class=\"post-content\"><div class=\"post-content-inner\"><p>La Raz\u00f3n feature with journalist Lorena Van Heerde discussing her experience of living with psoriasis and its treatment.<\/p>\n<\/div><a href=\"https:\/\/drgonzalezcantero.com\/en\/la-razon-lorena-van-heerde-psoriasis-2024\/\" class=\"more-link\">read more...<\/a><\/div><\/article><article class=\"et_pb_post et_pb_post_id_55905 clearfix et_pb_has_overlay et_pb_blog_item_0_1 post-55905 post type-post status-publish format-standard has-post-thumbnail hentry category-medios\"><div class=\"et_pb_image_container\"><a href=\"https:\/\/drgonzalezcantero.com\/en\/que-me-pasa-doctor-psoriasis-2023\/\" class=\"entry-featured-image-url\"><img decoding=\"async\" src=\"https:\/\/drgonzalezcantero.com\/wp-content\/uploads\/2021\/09\/destacada-que-me-pasa-doctor-2.jpg\" width=\"400\" height=\"284\" alt=\"Talking about psoriasis on \u00bfQu\u00e9 me pasa Doctor? | La Sexta\" class=\"\" srcset=\"https:\/\/drgonzalezcantero.com\/wp-content\/uploads\/2021\/09\/destacada-que-me-pasa-doctor-2.jpg 479w, https:\/\/drgonzalezcantero.com\/wp-content\/uploads\/2021\/09\/destacada-que-me-pasa-doctor-2-400x284.jpg 480w\" sizes=\"(max-width:479px) 479px, 100vw\" \/><span data-icon=\"\ue050\" class=\"et_overlay et_pb_inline_icon\"><\/span><\/a><\/div><h2 class=\"entry-title\"><a href=\"https:\/\/drgonzalezcantero.com\/en\/que-me-pasa-doctor-psoriasis-2023\/\">Another appearance on Qu\u00e9 Me Pasa Doctor to discuss psoriasis<\/a><\/h2><p class=\"post-meta\"><\/p><div class=\"post-content\"><div class=\"post-content-inner\"><p>A few weeks ago, I was invited to appear again on Qu\u00e9 Me Pasa Doctor (La Sexta), where I had the opportunity to answer a wide range of questions about psoriasis and its treatment: \u2022 Types of psoriasis. \u2022 Comorbidities associated with psoriasis, including...<\/p>\n<\/div><a href=\"https:\/\/drgonzalezcantero.com\/en\/que-me-pasa-doctor-psoriasis-2023\/\" class=\"more-link\">read more...<\/a><\/div><\/article><article class=\"et_pb_post et_pb_post_id_55887 clearfix et_pb_has_overlay et_pb_blog_item_0_2 post-55887 post type-post status-publish format-standard has-post-thumbnail hentry category-medios\"><div class=\"et_pb_image_container\"><a href=\"https:\/\/drgonzalezcantero.com\/en\/cristina-mitre-interview-discovering-psoriasis\/\" class=\"entry-featured-image-url\"><img decoding=\"async\" src=\"https:\/\/drgonzalezcantero.com\/wp-content\/uploads\/2022\/11\/emtrevista-psoriasis-cristina-Mitre-01.jpg\" width=\"400\" height=\"284\" alt=\"Interview with Cristina Mitre: discovering psoriasis\" class=\"\" srcset=\"https:\/\/drgonzalezcantero.com\/wp-content\/uploads\/2022\/11\/emtrevista-psoriasis-cristina-Mitre-01.jpg 479w, https:\/\/drgonzalezcantero.com\/wp-content\/uploads\/2022\/11\/emtrevista-psoriasis-cristina-Mitre-01-400x284.jpg 480w\" sizes=\"(max-width:479px) 479px, 100vw\" \/><span data-icon=\"\ue050\" class=\"et_overlay et_pb_inline_icon\"><\/span><\/a><\/div><h2 class=\"entry-title\"><a href=\"https:\/\/drgonzalezcantero.com\/en\/cristina-mitre-interview-discovering-psoriasis\/\">Interview with Cristina Mitre: discovering psoriasis<\/a><\/h2><p class=\"post-meta\"><\/p><div class=\"post-content\"><div class=\"post-content-inner\"><p>Interview with Cristina Mitre discussing some of the most common questions, concerns and misconceptions about psoriasis.<\/p>\n<\/div><a href=\"https:\/\/drgonzalezcantero.com\/en\/cristina-mitre-interview-discovering-psoriasis\/\" class=\"more-link\">read more...<\/a><\/div><\/article><article class=\"et_pb_post et_pb_post_id_55878 clearfix et_pb_has_overlay et_pb_blog_item_0_3 post-55878 post type-post status-publish format-standard has-post-thumbnail hentry category-medios\"><div class=\"et_pb_image_container\"><a href=\"https:\/\/drgonzalezcantero.com\/en\/el-pais-psoriasis-excess-weight\/\" class=\"entry-featured-image-url\"><img decoding=\"async\" src=\"https:\/\/drgonzalezcantero.com\/wp-content\/uploads\/2022\/04\/reportaje-el-pais-psoriasis-sobrepeso-1.jpg\" width=\"400\" height=\"284\" alt=\"El Pa\u00eds feature: psoriasis and excess weight\" class=\"\" srcset=\"https:\/\/drgonzalezcantero.com\/wp-content\/uploads\/2022\/04\/reportaje-el-pais-psoriasis-sobrepeso-1.jpg 479w, https:\/\/drgonzalezcantero.com\/wp-content\/uploads\/2022\/04\/reportaje-el-pais-psoriasis-sobrepeso-1-400x284.jpg 480w\" sizes=\"(max-width:479px) 479px, 100vw\" \/><span data-icon=\"\ue050\" class=\"et_overlay et_pb_inline_icon\"><\/span><\/a><\/div><h2 class=\"entry-title\"><a href=\"https:\/\/drgonzalezcantero.com\/en\/el-pais-psoriasis-excess-weight\/\">El Pa\u00eds feature: psoriasis and excess weight<\/a><\/h2><p class=\"post-meta\"><\/p><div class=\"post-content\"><div class=\"post-content-inner\"><p>Contribution to an El Pa\u00eds feature discussing the relationship between psoriasis, excess weight and associated health conditions.<\/p>\n<\/div><a href=\"https:\/\/drgonzalezcantero.com\/en\/el-pais-psoriasis-excess-weight\/\" class=\"more-link\">read more...<\/a><\/div><\/article><article class=\"et_pb_post et_pb_post_id_55875 clearfix et_pb_has_overlay et_pb_blog_item_0_4 post-55875 post type-post status-publish format-standard has-post-thumbnail hentry category-medios\"><div class=\"et_pb_image_container\"><a href=\"https:\/\/drgonzalezcantero.com\/en\/la-razon-interview-psoriasis-mediterranean-diet\/\" class=\"entry-featured-image-url\"><img decoding=\"async\" src=\"https:\/\/drgonzalezcantero.com\/wp-content\/uploads\/2021\/09\/destacada-entrevista-la-razon-5.jpg\" width=\"400\" height=\"284\" alt=\"La Raz\u00f3n interview on psoriasis and the Mediterranean diet\" class=\"\" srcset=\"https:\/\/drgonzalezcantero.com\/wp-content\/uploads\/2021\/09\/destacada-entrevista-la-razon-5.jpg 479w, https:\/\/drgonzalezcantero.com\/wp-content\/uploads\/2021\/09\/destacada-entrevista-la-razon-5-400x284.jpg 480w\" sizes=\"(max-width:479px) 479px, 100vw\" \/><span data-icon=\"\ue050\" class=\"et_overlay et_pb_inline_icon\"><\/span><\/a><\/div><h2 class=\"entry-title\"><a href=\"https:\/\/drgonzalezcantero.com\/en\/la-razon-interview-psoriasis-mediterranean-diet\/\">La Raz\u00f3n interview on psoriasis and the Mediterranean diet<\/a><\/h2><p class=\"post-meta\"><\/p><div class=\"post-content\"><div class=\"post-content-inner\"><p>Interview with La Raz\u00f3n discussing the Mediterranean diet, psoriasis and associated comorbidities. Dr Gonz\u00e1lez Cantero.<\/p>\n<\/div><a href=\"https:\/\/drgonzalezcantero.com\/en\/la-razon-interview-psoriasis-mediterranean-diet\/\" class=\"more-link\">read more...<\/a><\/div><\/article><article class=\"et_pb_post et_pb_post_id_55872 clearfix et_pb_has_overlay et_pb_blog_item_0_5 post-55872 post type-post status-publish format-standard has-post-thumbnail hentry category-medios\"><div class=\"et_pb_image_container\"><a href=\"https:\/\/drgonzalezcantero.com\/en\/talking-about-psoriasis-que-me-pasa-doctor\/\" class=\"entry-featured-image-url\"><img decoding=\"async\" src=\"https:\/\/drgonzalezcantero.com\/wp-content\/uploads\/2021\/09\/destacada-que-me-pasa-doctor-2.jpg\" width=\"400\" height=\"284\" alt=\"Talking about psoriasis on \u00bfQu\u00e9 me pasa Doctor? | La Sexta\" class=\"\" srcset=\"https:\/\/drgonzalezcantero.com\/wp-content\/uploads\/2021\/09\/destacada-que-me-pasa-doctor-2.jpg 479w, https:\/\/drgonzalezcantero.com\/wp-content\/uploads\/2021\/09\/destacada-que-me-pasa-doctor-2-400x284.jpg 480w\" sizes=\"(max-width:479px) 479px, 100vw\" \/><span data-icon=\"\ue050\" class=\"et_overlay et_pb_inline_icon\"><\/span><\/a><\/div><h2 class=\"entry-title\"><a href=\"https:\/\/drgonzalezcantero.com\/en\/talking-about-psoriasis-que-me-pasa-doctor\/\">Talking about psoriasis on \u00bfQu\u00e9 me pasa Doctor? | La Sexta<\/a><\/h2><p class=\"post-meta\"><\/p><div class=\"post-content\"><div class=\"post-content-inner\"><p>I appeared alongside my colleague Natalia Jim\u00e9nez on La Sexta\u2019s programme \u00bfQu\u00e9 me pasa Doctor? to explain how we approach psoriasis.<\/p>\n<\/div><a href=\"https:\/\/drgonzalezcantero.com\/en\/talking-about-psoriasis-que-me-pasa-doctor\/\" class=\"more-link\">read more...<\/a><\/div><\/article><\/div><\/div><\/div><\/div><\/div><\/div>","protected":false},"excerpt":{"rendered":"","protected":false},"author":1,"featured_media":0,"parent":0,"menu_order":0,"comment_status":"closed","ping_status":"closed","template":"","meta":{"inline_featured_image":false,"footnotes":""},"class_list":["post-55907","page","type-page","status-publish","hentry"],"yoast_head":"<!-- This site is optimized with the Yoast SEO Premium plugin v28.3 (Yoast SEO v28.3) - https:\/\/yoast.com\/product\/yoast-seo-premium-wordpress\/ -->\n<title>Media Appearances | Dr Gonz\u00e1lez Cantero<\/title>\n<meta name=\"description\" content=\"Overview of Dr Gonz\u00e1lez Cantero\u2019s media appearances (press, radio, television, digital newspapers, etc.).\" \/>\n<meta name=\"robots\" content=\"index, follow, max-snippet:-1, max-image-preview:large, max-video-preview:-1\" \/>\n<link rel=\"canonical\" href=\"https:\/\/drgonzalezcantero.com\/en\/media-appearances\/\" \/>\n<meta property=\"og:locale\" content=\"en_US\" \/>\n<meta property=\"og:type\" content=\"article\" \/>\n<meta property=\"og:title\" content=\"Media appearances\" \/>\n<meta property=\"og:description\" content=\"Overview of Dr Gonz\u00e1lez Cantero\u2019s media appearances (press, radio, television, digital newspapers, etc.).\" \/>\n<meta property=\"og:url\" content=\"https:\/\/drgonzalezcantero.com\/en\/media-appearances\/\" \/>\n<meta property=\"og:site_name\" content=\"Dermat\u00f3logo especialista en Psoriasis | Dr. Gonz\u00e1lez Cantero\" \/>\n<meta property=\"article:modified_time\" content=\"2026-09-02T08:55:30+00:00\" \/>\n<meta name=\"twitter:card\" content=\"summary_large_image\" \/>\n<script type=\"application\/ld+json\" class=\"yoast-schema-graph\">{\"@context\":\"https:\\\/\\\/schema.org\",\"@graph\":[{\"@type\":\"WebPage\",\"@id\":\"https:\\\/\\\/drgonzalezcantero.com\\\/en\\\/media-appearances\\\/\",\"url\":\"https:\\\/\\\/drgonzalezcantero.com\\\/en\\\/media-appearances\\\/\",\"name\":\"Media Appearances | Dr Gonz\u00e1lez Cantero\",\"isPartOf\":{\"@id\":\"https:\\\/\\\/drgonzalezcantero.com\\\/en\\\/#website\"},\"datePublished\":\"2021-09-13T15:32:14+00:00\",\"dateModified\":\"2026-09-02T08:55:30+00:00\",\"description\":\"Overview of Dr Gonz\u00e1lez Cantero\u2019s media appearances (press, radio, television, digital newspapers, etc.).\",\"breadcrumb\":{\"@id\":\"https:\\\/\\\/drgonzalezcantero.com\\\/en\\\/media-appearances\\\/#breadcrumb\"},\"inLanguage\":\"en-US\",\"potentialAction\":[{\"@type\":\"ReadAction\",\"target\":[\"https:\\\/\\\/drgonzalezcantero.com\\\/en\\\/media-appearances\\\/\"]}]},{\"@type\":\"BreadcrumbList\",\"@id\":\"https:\\\/\\\/drgonzalezcantero.com\\\/en\\\/media-appearances\\\/#breadcrumb\",\"itemListElement\":[{\"@type\":\"ListItem\",\"position\":1,\"name\":\"Portada\",\"item\":\"https:\\\/\\\/drgonzalezcantero.com\\\/en\\\/\"},{\"@type\":\"ListItem\",\"position\":2,\"name\":\"Media appearances\"}]},{\"@type\":\"WebSite\",\"@id\":\"https:\\\/\\\/drgonzalezcantero.com\\\/en\\\/#website\",\"url\":\"https:\\\/\\\/drgonzalezcantero.com\\\/en\\\/\",\"name\":\"Dermat\u00f3logo especialista en Psoriasis | Dr. Gonz\u00e1lez Cantero\",\"description\":\"El Dr. Gonz\u00e1lez Cantero es dermat\u00f3logo especialista en psoriasis y otras enfermedades inflamatorias de la piel en el Grupo Pedro Ja\u00e9n.\",\"publisher\":{\"@id\":\"https:\\\/\\\/drgonzalezcantero.com\\\/en\\\/#organization\"},\"alternateName\":\"Dr. \u00c1lvaro Gonz\u00e1lez Cantero\",\"potentialAction\":[{\"@type\":\"SearchAction\",\"target\":{\"@type\":\"EntryPoint\",\"urlTemplate\":\"https:\\\/\\\/drgonzalezcantero.com\\\/en\\\/?s={search_term_string}\"},\"query-input\":{\"@type\":\"PropertyValueSpecification\",\"valueRequired\":true,\"valueName\":\"search_term_string\"}}],\"inLanguage\":\"en-US\"},{\"@type\":[\"Organization\",\"Place\",\"Dermatology\"],\"@id\":\"https:\\\/\\\/drgonzalezcantero.com\\\/en\\\/#organization\",\"name\":\"Dr. Gonz\u00e1lez Cantero | Dermat\u00f3logo especialista psoriasis | Madrid\",\"alternateName\":\"Dr. \u00c1lvaro Gonz\u00e1lez Cantero\",\"url\":\"https:\\\/\\\/drgonzalezcantero.com\\\/en\\\/\",\"logo\":{\"@id\":\"https:\\\/\\\/drgonzalezcantero.com\\\/en\\\/media-appearances\\\/#local-main-organization-logo\"},\"image\":{\"@id\":\"https:\\\/\\\/drgonzalezcantero.com\\\/en\\\/media-appearances\\\/#local-main-organization-logo\"},\"address\":{\"@id\":\"https:\\\/\\\/drgonzalezcantero.com\\\/en\\\/media-appearances\\\/#local-main-place-address\"},\"geo\":{\"@type\":\"GeoCoordinates\",\"latitude\":\"40.4491577\",\"longitude\":\"-3.6799542\"},\"telephone\":[\"914317861\"],\"openingHoursSpecification\":[{\"@type\":\"OpeningHoursSpecification\",\"dayOfWeek\":[\"Monday\",\"Tuesday\",\"Wednesday\",\"Thursday\",\"Friday\"],\"opens\":\"09:00\",\"closes\":\"21:00\"},{\"@type\":\"OpeningHoursSpecification\",\"dayOfWeek\":[\"Saturday\",\"Sunday\"],\"opens\":\"00:00\",\"closes\":\"00:00\"}],\"email\":\"info@drgonzalezcantero.com\"},{\"@type\":\"PostalAddress\",\"@id\":\"https:\\\/\\\/drgonzalezcantero.com\\\/en\\\/media-appearances\\\/#local-main-place-address\",\"streetAddress\":\"Calle de Serrano, 143, Grupo Pedro Ja\u00e9n\",\"addressLocality\":\"Madrid\",\"postalCode\":\"28006\",\"addressCountry\":\"ES\"},{\"@type\":\"ImageObject\",\"inLanguage\":\"en-US\",\"@id\":\"https:\\\/\\\/drgonzalezcantero.com\\\/en\\\/media-appearances\\\/#local-main-organization-logo\",\"url\":\"https:\\\/\\\/drgonzalezcantero.com\\\/wp-content\\\/uploads\\\/2020\\\/12\\\/cropped-fav-gonzalez-cantero-1.png\",\"contentUrl\":\"https:\\\/\\\/drgonzalezcantero.com\\\/wp-content\\\/uploads\\\/2020\\\/12\\\/cropped-fav-gonzalez-cantero-1.png\",\"width\":512,\"height\":512,\"caption\":\"Dr. Gonz\u00e1lez Cantero | Dermat\u00f3logo especialista psoriasis | Madrid\"}]}<\/script>\n<meta name=\"geo.placename\" content=\"Madrid\" \/>\n<meta name=\"geo.position\" content=\"40.4491577;-3.6799542\" \/>\n<meta name=\"geo.region\" content=\"Spain\" \/>\n<!-- \/ Yoast SEO Premium plugin. -->","yoast_head_json":{"title":"Media Appearances | Dr Gonz\u00e1lez Cantero","description":"Overview of Dr Gonz\u00e1lez Cantero\u2019s media appearances (press, radio, television, digital newspapers, etc.).","robots":{"index":"index","follow":"follow","max-snippet":"max-snippet:-1","max-image-preview":"max-image-preview:large","max-video-preview":"max-video-preview:-1"},"canonical":"https:\/\/drgonzalezcantero.com\/en\/media-appearances\/","og_locale":"en_US","og_type":"article","og_title":"Media appearances","og_description":"Overview of Dr Gonz\u00e1lez Cantero\u2019s media appearances (press, radio, television, digital newspapers, etc.).","og_url":"https:\/\/drgonzalezcantero.com\/en\/media-appearances\/","og_site_name":"Dermat\u00f3logo especialista en Psoriasis | Dr. Gonz\u00e1lez Cantero","article_modified_time":"2026-09-02T08:55:30+00:00","twitter_card":"summary_large_image","schema":{"@context":"https:\/\/schema.org","@graph":[{"@type":"WebPage","@id":"https:\/\/drgonzalezcantero.com\/en\/media-appearances\/","url":"https:\/\/drgonzalezcantero.com\/en\/media-appearances\/","name":"Media Appearances | Dr Gonz\u00e1lez Cantero","isPartOf":{"@id":"https:\/\/drgonzalezcantero.com\/en\/#website"},"datePublished":"2021-09-13T15:32:14+00:00","dateModified":"2026-09-02T08:55:30+00:00","description":"Overview of Dr Gonz\u00e1lez Cantero\u2019s media appearances (press, radio, television, digital newspapers, etc.).","breadcrumb":{"@id":"https:\/\/drgonzalezcantero.com\/en\/media-appearances\/#breadcrumb"},"inLanguage":"en-US","potentialAction":[{"@type":"ReadAction","target":["https:\/\/drgonzalezcantero.com\/en\/media-appearances\/"]}]},{"@type":"BreadcrumbList","@id":"https:\/\/drgonzalezcantero.com\/en\/media-appearances\/#breadcrumb","itemListElement":[{"@type":"ListItem","position":1,"name":"Portada","item":"https:\/\/drgonzalezcantero.com\/en\/"},{"@type":"ListItem","position":2,"name":"Media appearances"}]},{"@type":"WebSite","@id":"https:\/\/drgonzalezcantero.com\/en\/#website","url":"https:\/\/drgonzalezcantero.com\/en\/","name":"Dermat\u00f3logo especialista en Psoriasis | Dr. Gonz\u00e1lez Cantero","description":"El Dr. Gonz\u00e1lez Cantero es dermat\u00f3logo especialista en psoriasis y otras enfermedades inflamatorias de la piel en el Grupo Pedro Ja\u00e9n.","publisher":{"@id":"https:\/\/drgonzalezcantero.com\/en\/#organization"},"alternateName":"Dr. \u00c1lvaro Gonz\u00e1lez Cantero","potentialAction":[{"@type":"SearchAction","target":{"@type":"EntryPoint","urlTemplate":"https:\/\/drgonzalezcantero.com\/en\/?s={search_term_string}"},"query-input":{"@type":"PropertyValueSpecification","valueRequired":true,"valueName":"search_term_string"}}],"inLanguage":"en-US"},{"@type":["Organization","Place","Dermatology"],"@id":"https:\/\/drgonzalezcantero.com\/en\/#organization","name":"Dr. Gonz\u00e1lez Cantero | Dermat\u00f3logo especialista psoriasis | Madrid","alternateName":"Dr. \u00c1lvaro Gonz\u00e1lez Cantero","url":"https:\/\/drgonzalezcantero.com\/en\/","logo":{"@id":"https:\/\/drgonzalezcantero.com\/en\/media-appearances\/#local-main-organization-logo"},"image":{"@id":"https:\/\/drgonzalezcantero.com\/en\/media-appearances\/#local-main-organization-logo"},"address":{"@id":"https:\/\/drgonzalezcantero.com\/en\/media-appearances\/#local-main-place-address"},"geo":{"@type":"GeoCoordinates","latitude":"40.4491577","longitude":"-3.6799542"},"telephone":["914317861"],"openingHoursSpecification":[{"@type":"OpeningHoursSpecification","dayOfWeek":["Monday","Tuesday","Wednesday","Thursday","Friday"],"opens":"09:00","closes":"21:00"},{"@type":"OpeningHoursSpecification","dayOfWeek":["Saturday","Sunday"],"opens":"00:00","closes":"00:00"}],"email":"info@drgonzalezcantero.com"},{"@type":"PostalAddress","@id":"https:\/\/drgonzalezcantero.com\/en\/media-appearances\/#local-main-place-address","streetAddress":"Calle de Serrano, 143, Grupo Pedro Ja\u00e9n","addressLocality":"Madrid","postalCode":"28006","addressCountry":"ES"},{"@type":"ImageObject","inLanguage":"en-US","@id":"https:\/\/drgonzalezcantero.com\/en\/media-appearances\/#local-main-organization-logo","url":"https:\/\/drgonzalezcantero.com\/wp-content\/uploads\/2020\/12\/cropped-fav-gonzalez-cantero-1.png","contentUrl":"https:\/\/drgonzalezcantero.com\/wp-content\/uploads\/2020\/12\/cropped-fav-gonzalez-cantero-1.png","width":512,"height":512,"caption":"Dr. Gonz\u00e1lez Cantero | Dermat\u00f3logo especialista psoriasis | Madrid"}]},"geo.placename":"Madrid","geo.position":{"lat":"40.4491577","long":"-3.6799542"},"geo.region":"Spain"},"_links":{"self":[{"href":"https:\/\/drgonzalezcantero.com\/en\/wp-json\/wp\/v2\/pages\/55907","targetHints":{"allow":["GET"]}}],"collection":[{"href":"https:\/\/drgonzalezcantero.com\/en\/wp-json\/wp\/v2\/pages"}],"about":[{"href":"https:\/\/drgonzalezcantero.com\/en\/wp-json\/wp\/v2\/types\/page"}],"author":[{"embeddable":true,"href":"https:\/\/drgonzalezcantero.com\/en\/wp-json\/wp\/v2\/users\/1"}],"replies":[{"embeddable":true,"href":"https:\/\/drgonzalezcantero.com\/en\/wp-json\/wp\/v2\/comments?post=55907"}],"version-history":[{"count":1,"href":"https:\/\/drgonzalezcantero.com\/en\/wp-json\/wp\/v2\/pages\/55907\/revisions"}],"predecessor-version":[{"id":55908,"href":"https:\/\/drgonzalezcantero.com\/en\/wp-json\/wp\/v2\/pages\/55907\/revisions\/55908"}],"wp:attachment":[{"href":"https:\/\/drgonzalezcantero.com\/en\/wp-json\/wp\/v2\/media?parent=55907"}],"curies":[{"name":"wp","href":"https:\/\/api.w.org\/{rel}","templated":true}]}}